{"version":"1.0","provider_name":"Tischlerei M\u00fcller","provider_url":"http:\/\/xn--tischlereimller-9vb.de","author_name":"kaydoerfel","author_url":"http:\/\/xn--tischlereimller-9vb.de\/?author=1","title":"Profil - Tischlerei M\u00fcller","type":"rich","width":600,"height":338,"html":"<blockquote class=\"wp-embedded-content\" data-secret=\"8bXOahyYku\"><a href=\"http:\/\/xn--tischlereimller-9vb.de\/\">Profil<\/a><\/blockquote><iframe sandbox=\"allow-scripts\" security=\"restricted\" src=\"http:\/\/xn--tischlereimller-9vb.de\/?embed=true#?secret=8bXOahyYku\" width=\"600\" height=\"338\" title=\"&#8222;Profil&#8220; &#8211; Tischlerei M\u00fcller\" data-secret=\"8bXOahyYku\" frameborder=\"0\" marginwidth=\"0\" marginheight=\"0\" scrolling=\"no\" class=\"wp-embedded-content\"><\/iframe><script type=\"text\/javascript\">\n\/* <![CDATA[ *\/\n\/*! This file is auto-generated *\/\n!function(d,l){\"use strict\";l.querySelector&&d.addEventListener&&\"undefined\"!=typeof URL&&(d.wp=d.wp||{},d.wp.receiveEmbedMessage||(d.wp.receiveEmbedMessage=function(e){var t=e.data;if((t||t.secret||t.message||t.value)&&!\/[^a-zA-Z0-9]\/.test(t.secret)){for(var s,r,n,a=l.querySelectorAll('iframe[data-secret=\"'+t.secret+'\"]'),o=l.querySelectorAll('blockquote[data-secret=\"'+t.secret+'\"]'),c=new RegExp(\"^https?:$\",\"i\"),i=0;i<o.length;i++)o[i].style.display=\"none\";for(i=0;i<a.length;i++)s=a[i],e.source===s.contentWindow&&(s.removeAttribute(\"style\"),\"height\"===t.message?(1e3<(r=parseInt(t.value,10))?r=1e3:~~r<200&&(r=200),s.height=r):\"link\"===t.message&&(r=new URL(s.getAttribute(\"src\")),n=new URL(t.value),c.test(n.protocol))&&n.host===r.host&&l.activeElement===s&&(d.top.location.href=t.value))}},d.addEventListener(\"message\",d.wp.receiveEmbedMessage,!1),l.addEventListener(\"DOMContentLoaded\",function(){for(var e,t,s=l.querySelectorAll(\"iframe.wp-embedded-content\"),r=0;r<s.length;r++)(t=(e=s[r]).getAttribute(\"data-secret\"))||(t=Math.random().toString(36).substring(2,12),e.src+=\"#?secret=\"+t,e.setAttribute(\"data-secret\",t)),e.contentWindow.postMessage({message:\"ready\",secret:t},\"*\")},!1)))}(window,document);\n\/* ]]> *\/\n<\/script>\n","description":"Unser Betrieb wurde 1866 gegr\u00fcndet und wird bereits in der 4. Generation weitergef\u00fchrt. Seit 1990 haben wir uns in der Produktion auf Einbaum\u00f6bel, M\u00f6bel nach Architektenentw\u00fcrfen und Innenausbau spezialisiert. Zu unserem Service geh\u00f6ren nicht nur die Produktion, sondern auch die Lieferung sowie der Einbau von Innen- &amp; Au\u00dfent\u00fcren, Fenstern, Parkett, Laminat, Decken- &amp; Wandverkleidungen. Wir weiterlesen...","thumbnail_url":"http:\/\/xn--tischlereimller-9vb.de\/wp-content\/uploads\/2020\/06\/tischlerei_01.jpg"}